{"id":912,"date":"2018-03-22T09:16:44","date_gmt":"2018-03-22T09:16:44","guid":{"rendered":"http:\/\/flocscoworking.com\/coworkers\/"},"modified":"2026-01-20T14:59:22","modified_gmt":"2026-01-20T12:59:22","slug":"coworkers","status":"publish","type":"page","link":"https:\/\/flocscoworking.com\/en\/coworkers\/","title":{"rendered":"COWORKERS"},"content":{"rendered":"<p>[et_pb_section bb_built=&#8221;1&#8243; background_color=&#8221;#f7a700&#8243; _builder_version=&#8221;3.0.106&#8243; background_image=&#8221;http:\/\/flocscoworking.com\/wp-content\/uploads\/2018\/03\/coworkers-1.jpg&#8221; background_position=&#8221;top_center&#8221; custom_padding=&#8221;54px|0px|132px|0px&#8221; next_background_color=&#8221;#e09900&#8243;][et_pb_row custom_padding=&#8221;107px|0px|27px|0px&#8221; _builder_version=&#8221;3.0.47&#8243; background_size=&#8221;initial&#8221; background_position=&#8221;top_left&#8221; background_repeat=&#8221;repeat&#8221;][et_pb_column type=&#8221;1_4&#8243;][et_pb_image src=&#8221;http:\/\/flocscoworking.com\/wp-content\/uploads\/2018\/03\/coworkers_white_big.png&#8221; align=&#8221;right&#8221; _builder_version=&#8221;3.0.106&#8243; show_bottom_space=&#8221;on&#8221; show_in_lightbox=&#8221;off&#8221; url_new_window=&#8221;off&#8221; use_overlay=&#8221;off&#8221; always_center_on_mobile=&#8221;on&#8221; force_fullwidth=&#8221;off&#8221; \/][\/et_pb_column][et_pb_column type=&#8221;3_4&#8243;][et_pb_text background_layout=&#8221;dark&#8221; _builder_version=&#8221;3.0.106&#8243;]<\/p>\n<h1 style=\"text-align: left;\"><strong>ELS COWORKERS<\/strong> de Flocs.<\/h1>\n<h2 style=\"text-align: left;\"><\/h2>\n<h2 style=\"text-align: left;\"><\/h2>\n<h2 style=\"text-align: left;\">Professionals de diferents sectors que compartim aquest espai, sin\u00e8rgies, caf\u00e8s, moments, experi\u00e8ncies&#8230; i sobretot feina!<\/h2>\n<p>[\/et_pb_text][\/et_pb_column][\/et_pb_row][\/et_pb_section][et_pb_section bb_built=&#8221;1&#8243; specialty=&#8221;off&#8221; prev_background_color=&#8221;#f7a700&#8243; next_background_color=&#8221;#ffffff&#8221; _builder_version=&#8221;3.17.2&#8243; background_color=&#8221;#e09900&#8243; background_image=&#8221;http:\/\/flocscoworking.com\/wp-content\/uploads\/2017\/08\/background_orange.jpg&#8221; background_blend=&#8221;multiply&#8221;][et_pb_row][et_pb_column type=&#8221;4_4&#8243;][et_pb_text admin_label=&#8221;Actuals&#8221; _builder_version=&#8221;3.17.2&#8243; background_layout=&#8221;dark&#8221;]<\/p>\n<h2><strong>Els actuals COWORKERS de Flocs<\/strong><\/h2>\n<p>[\/et_pb_text][\/et_pb_column][\/et_pb_row][\/et_pb_section][et_pb_section bb_built=&#8221;1&#8243; _builder_version=&#8221;3.0.47&#8243; custom_padding=&#8221;54px|0px|30px|0px&#8221; prev_background_color=&#8221;#e09900&#8243; next_background_color=&#8221;#000000&#8243;][et_pb_row custom_padding=&#8221;3px|0px|27px|0px&#8221; _builder_version=&#8221;3.0.47&#8243; background_size=&#8221;initial&#8221; background_position=&#8221;top_left&#8221; background_repeat=&#8221;repeat&#8221;][et_pb_column type=&#8221;1_3&#8243;][et_pb_image src=&#8221;http:\/\/flocscoworking.com\/wp-content\/uploads\/2018\/03\/grafic-art-studio-logo.jpg&#8221; _builder_version=&#8221;3.0.106&#8243; \/][\/et_pb_column][et_pb_column type=&#8221;2_3&#8243;][et_pb_text admin_label=&#8221;GRAFIC ART STUDIO&#8221; _builder_version=&#8221;3.0.106&#8243;]<\/p>\n<h1>GRAFIC ART STUDIO<\/h1>\n<p>[\/et_pb_text][et_pb_text _builder_version=&#8221;3.0.106&#8243; background_layout=&#8221;light&#8221;]<\/p>\n<p>Estudi de disseny gr\u00e0fic i noves tecnologies enfocat a\u00a0crear i potenciar la imatge dels nostres clients a trav\u00e9s\u00a0de l\u2019estrat\u00e8gia i la creativitat\u00a0perqu\u00e8 aquests arribin a connectar amb els seus clients.<\/p>\n<p>Si necessites comen\u00e7ar i crear la marca del teu negoci, o renovar el logotip i la imatge que transmets, o crear un lloc web o una botiga online i promocionar el teu negoci al carrer i a la xarxa som el teu estudi. I a m\u00e9s t\u2019imprimim i produim tots els materials que necessitis per tenir \u00e8xit en el teu projecte.<\/p>\n<p>&nbsp;<\/p>\n<p><strong>Taules 1, 2 i 3<\/strong><\/p>\n<p><a href=\"http:\/\/www.graficartstudio.cat\" target=\"_blank\" rel=\"noopener\">www.graficartstudio.cat<\/a><\/p>\n<p>[\/et_pb_text][\/et_pb_column][\/et_pb_row][et_pb_row custom_padding=&#8221;27px|0px|2px|0px&#8221; _builder_version=&#8221;3.0.47&#8243; background_size=&#8221;initial&#8221; background_position=&#8221;top_left&#8221; background_repeat=&#8221;repeat&#8221;][et_pb_column type=&#8221;4_4&#8243;][et_pb_divider color=&#8221;#f7a700&#8243; show_divider=&#8221;on&#8221; _builder_version=&#8221;3.0.106&#8243; \/][\/et_pb_column][\/et_pb_row][\/et_pb_section][et_pb_section bb_built=&#8221;1&#8243; _builder_version=&#8221;3.0.47&#8243; custom_padding=&#8221;0|0px|30px|0px&#8221; prev_background_color=&#8221;#000000&#8243; next_background_color=&#8221;#000000&#8243;][et_pb_row custom_padding=&#8221;3px|0px|27px|0px&#8221; _builder_version=&#8221;3.0.47&#8243; background_size=&#8221;initial&#8221; background_position=&#8221;top_left&#8221; background_repeat=&#8221;repeat&#8221;][et_pb_column type=&#8221;1_3&#8243;][et_pb_image src=&#8221;http:\/\/flocscoworking.com\/wp-content\/uploads\/2018\/03\/saf-sampling-logo.jpg&#8221; _builder_version=&#8221;3.0.106&#8243; \/][\/et_pb_column][et_pb_column type=&#8221;2_3&#8243;][et_pb_text admin_label=&#8221;SAF&#8221; _builder_version=&#8221;3.0.106&#8243;]<\/p>\n<h1>SAF SAMPLING<\/h1>\n<p>[\/et_pb_text][et_pb_text _builder_version=&#8221;3.0.106&#8243;]<\/p>\n<p>Treballant per a una agricultura eficient i sostenible.<\/p>\n<div>\n<p>Compromesos amb la productivitat, el medi ambient i el benefici per els nostres agricultors.<\/p>\n<p>Oferim solucions basades en la instal\u00b7laci\u00f3 de \u201cPunts de Control\u201d per a la monitoritzaci\u00f3 de l&#8217;aigua al s\u00f2l i par\u00e0metres clim\u00e0tics.<\/p>\n<\/div>\n<p>&nbsp;<\/p>\n<p><strong>Taula 10<\/strong><\/p>\n<p><a href=\"http:\/\/www.safsampling.com\" target=\"_blank\" rel=\"noopener\">www.safsampling.com<\/a><\/p>\n<p>[\/et_pb_text][\/et_pb_column][\/et_pb_row][et_pb_row custom_padding=&#8221;27px|0px|3px|0px&#8221; _builder_version=&#8221;3.0.47&#8243; background_size=&#8221;initial&#8221; background_position=&#8221;top_left&#8221; background_repeat=&#8221;repeat&#8221;][et_pb_column type=&#8221;4_4&#8243;][et_pb_divider color=&#8221;#f7a700&#8243; show_divider=&#8221;on&#8221; _builder_version=&#8221;3.0.106&#8243; \/][\/et_pb_column][\/et_pb_row][\/et_pb_section][et_pb_section bb_built=&#8221;1&#8243; _builder_version=&#8221;3.0.106&#8243; background_size=&#8221;contain&#8221; custom_padding=&#8221;0|0px|30px|0px&#8221; prev_background_color=&#8221;#000000&#8243; next_background_color=&#8221;#000000&#8243;][et_pb_row custom_padding=&#8221;3px|0px|27px|0px&#8221; _builder_version=&#8221;3.0.47&#8243; background_size=&#8221;initial&#8221; background_position=&#8221;top_left&#8221; background_repeat=&#8221;repeat&#8221;][et_pb_column type=&#8221;1_3&#8243;][et_pb_image src=&#8221;http:\/\/flocscoworking.com\/wp-content\/uploads\/2018\/03\/creaf-logo.jpg&#8221; _builder_version=&#8221;3.0.106&#8243; border_width_all=&#8221;2px&#8221; border_color_all=&#8221;#f2f2f2&#8243; \/][\/et_pb_column][et_pb_column type=&#8221;2_3&#8243;][et_pb_text admin_label=&#8221;CREAF&#8221; _builder_version=&#8221;3.17.2&#8243;]<\/p>\n<h1>CREAF<\/h1>\n<p>[\/et_pb_text][et_pb_text _builder_version=&#8221;3.0.106&#8243;]<\/p>\n<p>La nostra investigaci\u00f3 t\u00e9 un impacte global.<\/p>\n<p>El portfoli de recerca del CREAF \u00e9s ampli i multidisciplinari. Integra els aven\u00e7os de recerca fonamental amb contribucions importants en tem\u00e0tiques ambientals de gran impacte socioecon\u00f2mic.<\/p>\n<p>&nbsp;<\/p>\n<p><strong>Taula 11<\/strong><\/p>\n<p><a href=\"http:\/\/www.creaf.cat\" target=\"_blank\" rel=\"noopener\">www.creaf.cat<\/a><\/p>\n<p>[\/et_pb_text][\/et_pb_column][\/et_pb_row][et_pb_row custom_padding=&#8221;27px|0px|3px|0px&#8221; _builder_version=&#8221;3.0.47&#8243; background_size=&#8221;initial&#8221; background_position=&#8221;top_left&#8221; background_repeat=&#8221;repeat&#8221;][et_pb_column type=&#8221;4_4&#8243;][et_pb_divider color=&#8221;#f7a700&#8243; show_divider=&#8221;on&#8221; _builder_version=&#8221;3.0.106&#8243; \/][\/et_pb_column][\/et_pb_row][\/et_pb_section][et_pb_section bb_built=&#8221;1&#8243; _builder_version=&#8221;3.0.106&#8243; background_size=&#8221;contain&#8221; custom_padding=&#8221;0|0px|30px|0px&#8221; prev_background_color=&#8221;#000000&#8243; next_background_color=&#8221;#000000&#8243;][et_pb_row custom_padding=&#8221;3px|0px|27px|0px&#8221; _builder_version=&#8221;3.0.47&#8243; background_size=&#8221;initial&#8221; background_position=&#8221;top_left&#8221; background_repeat=&#8221;repeat&#8221;][et_pb_column type=&#8221;1_3&#8243;][et_pb_image _builder_version=&#8221;3.17.2&#8243; border_width_all=&#8221;2px&#8221; border_color_all=&#8221;#f2f2f2&#8243; src=&#8221;http:\/\/flocscoworking.com\/wp-content\/uploads\/2018\/03\/JosepMaria_logo.jpg&#8221; \/][\/et_pb_column][et_pb_column type=&#8221;2_3&#8243;][et_pb_text admin_label=&#8221;JM FERRER&#8221; _builder_version=&#8221;3.17.2&#8243;]<\/p>\n<h1>JOSEP MARIA FERRER PUIG<\/h1>\n<p>[\/et_pb_text][et_pb_text _builder_version=&#8221;3.17.2&#8243;]<\/p>\n<div>\n<p>Llicenciat per la Universitat de Navarra, exerceix des de 1991.<\/p>\n<p>Ha sigut membre de la Comissi\u00f3 de Torn de l\u2019Il\u00b7lustre Col\u00b7legi d\u2019Advocats de Girona. Tamb\u00e9 ha estat mediador familiar i professor de Big Data ISDE en Dret Civil.<\/p>\n<p>Principals \u00e0rees d&#8217;activitat:<\/p>\n<ul>\n<li>Serveis jur\u00eddics en totes les \u00e0rees del dret civil: Comunitats de \u00a0propietaris, arrendaments, drets reals,Registre de la Propietat, \u00a0dret de fam\u00edlia, divorcis, incapacitacions, herencia, contractaci\u00f3 civil, credits i hipoteques.<\/li>\n<li>Dret Penal: denuncies, judicis , alcoholemies.<\/li>\n<li>Laboral: Invalideses.<\/li>\n<li>Administratiu: Multes<\/li>\n<\/ul>\n<\/div>\n<div><\/div>\n<div><strong>Taula 13<\/strong><\/div>\n<p>[\/et_pb_text][\/et_pb_column][\/et_pb_row][et_pb_row custom_padding=&#8221;27px|0px|3px|0px&#8221; _builder_version=&#8221;3.0.47&#8243; background_size=&#8221;initial&#8221; background_position=&#8221;top_left&#8221; background_repeat=&#8221;repeat&#8221;][et_pb_column type=&#8221;4_4&#8243;][et_pb_divider color=&#8221;#f7a700&#8243; show_divider=&#8221;on&#8221; _builder_version=&#8221;3.0.106&#8243; \/][\/et_pb_column][\/et_pb_row][\/et_pb_section][et_pb_section bb_built=&#8221;1&#8243; _builder_version=&#8221;3.0.106&#8243; background_size=&#8221;contain&#8221; custom_padding=&#8221;0|0px|30px|0px&#8221; prev_background_color=&#8221;#000000&#8243; next_background_color=&#8221;#000000&#8243;][et_pb_row custom_padding=&#8221;3px|0px|27px|0px&#8221; _builder_version=&#8221;3.0.47&#8243; background_size=&#8221;initial&#8221; background_position=&#8221;top_left&#8221; background_repeat=&#8221;repeat&#8221;][et_pb_column type=&#8221;1_3&#8243;][et_pb_image _builder_version=&#8221;3.17.2&#8243; border_width_all=&#8221;2px&#8221; border_color_all=&#8221;#f2f2f2&#8243; src=&#8221;http:\/\/flocscoworking.com\/wp-content\/uploads\/2018\/03\/Netica_logo.jpg&#8221; \/][\/et_pb_column][et_pb_column type=&#8221;2_3&#8243;][et_pb_text admin_label=&#8221;NETICA&#8221; _builder_version=&#8221;3.17.2&#8243;]<\/p>\n<h1>NETICA<\/h1>\n<p>[\/et_pb_text][et_pb_text _builder_version=&#8221;3.17.2&#8243;]<\/p>\n<div>Online project and business manager: Internet en xarxa.<\/div>\n<div>Assessorament per a la creaci\u00f3 d\u2019 e-negocis: Models de negocis, estudi rendabilitat i plans d\u2019acci\u00f3.<\/div>\n<div>Comunicaci\u00f3 i m\u00e0rqueting online:\u00a0Creaci\u00f3 de continguts digitals per a posicionament online de negocis locals i projectes professionals. Coordinaci\u00f3 de professionals: foto, v\u00eddeo, community manager, copy, disseny gr\u00e0fic.<\/div>\n<div>Privacitat i seguretat: Identitat i reputaci\u00f3. Adaptaci\u00f3 a la Llei de Protecci\u00f3 de dades, comer\u00e7 electr\u00f2nic i drets d\u2019autor.<\/div>\n<div>e-formaci\u00f3: c\u00e0psules formatives practiques per a professionals i empreses: internet i empresa, m\u00e0rqueting, seguretat a la xarxa.<\/div>\n<div><\/div>\n<div><strong>Taula 15<\/strong><\/div>\n<p>[\/et_pb_text][\/et_pb_column][\/et_pb_row][et_pb_row custom_padding=&#8221;27px|0px|3px|0px&#8221; _builder_version=&#8221;3.0.47&#8243; background_size=&#8221;initial&#8221; background_position=&#8221;top_left&#8221; background_repeat=&#8221;repeat&#8221;][et_pb_column type=&#8221;4_4&#8243;][et_pb_divider color=&#8221;#f7a700&#8243; show_divider=&#8221;on&#8221; _builder_version=&#8221;3.0.106&#8243; \/][\/et_pb_column][\/et_pb_row][\/et_pb_section][et_pb_section bb_built=&#8221;1&#8243; _builder_version=&#8221;3.0.106&#8243; background_size=&#8221;contain&#8221; custom_padding=&#8221;0|0px|30px|0px&#8221; prev_background_color=&#8221;#000000&#8243; next_background_color=&#8221;#000000&#8243;][et_pb_row custom_padding=&#8221;3px|0px|27px|0px&#8221; _builder_version=&#8221;3.0.47&#8243; background_size=&#8221;initial&#8221; background_position=&#8221;top_left&#8221; background_repeat=&#8221;repeat&#8221;][et_pb_column type=&#8221;1_3&#8243;][et_pb_image _builder_version=&#8221;3.17.2&#8243; border_width_all=&#8221;2px&#8221; border_color_all=&#8221;#f2f2f2&#8243; src=&#8221;http:\/\/flocscoworking.com\/wp-content\/uploads\/2018\/03\/Planirail_logo.jpg&#8221; \/][\/et_pb_column][et_pb_column type=&#8221;2_3&#8243;][et_pb_text admin_label=&#8221;planirail&#8221; _builder_version=&#8221;3.17.2&#8243;]<\/p>\n<h1>PLANIRAIL<\/h1>\n<p>[\/et_pb_text][et_pb_text _builder_version=&#8221;3.17.2&#8243;]<\/p>\n<div>\n<p>Planirail es una empresa de planificaci\u00f3n de transportes p\u00fablicos especializada en el sector ferroviario.<\/p>\n<p>Planirail aporta su experiencia en las etapas comprendidas desde la definici\u00f3n del proyecto hasta las fases operacionales. Planirail asiste a los organismos y empresas del sector del transporte ferroviario (Estado, Comunidades Aut\u00f3nomas y otros organismos competentes, Empresas ferroviarias, Gestores de infraestructuras) aportando sus competencias, su experiencia y su rigor en el marco de prestaciones ligadas a la planificaci\u00f3n de transportes<\/p>\n<p>Planirail privilegia una visi\u00f3n conceptual del sistema ferroviario, como un conjunto en equilibrio donde interaccionan diferentes organismos independientes. Cada modificaci\u00f3n aportada por una u otra parte influye en el equilibrio del sistema y consecuentemente sobre la oferta de transporte.<\/p>\n<\/div>\n<div><\/div>\n<div><strong>Taula 12<\/strong><\/div>\n<div><\/div>\n<div><a href=\"http:\/\/www.planirail.com\">www.planirail.com<\/a><\/div>\n<div><\/div>\n<p>[\/et_pb_text][\/et_pb_column][\/et_pb_row][et_pb_row custom_padding=&#8221;27px|0px|3px|0px&#8221; _builder_version=&#8221;3.0.47&#8243; background_size=&#8221;initial&#8221; background_position=&#8221;top_left&#8221; background_repeat=&#8221;repeat&#8221;][et_pb_column type=&#8221;4_4&#8243;][et_pb_divider color=&#8221;#f7a700&#8243; show_divider=&#8221;on&#8221; _builder_version=&#8221;3.0.106&#8243; \/][\/et_pb_column][\/et_pb_row][\/et_pb_section][et_pb_section bb_built=&#8221;1&#8243; _builder_version=&#8221;3.0.106&#8243; background_size=&#8221;contain&#8221; custom_padding=&#8221;0|0px|30px|0px&#8221; prev_background_color=&#8221;#000000&#8243; next_background_color=&#8221;#000000&#8243;][et_pb_row custom_padding=&#8221;3px|0px|27px|0px&#8221; _builder_version=&#8221;3.0.47&#8243; background_size=&#8221;initial&#8221; background_position=&#8221;top_left&#8221; background_repeat=&#8221;repeat&#8221;][et_pb_column type=&#8221;1_3&#8243;][et_pb_image _builder_version=&#8221;3.17.2&#8243; border_width_all=&#8221;2px&#8221; border_color_all=&#8221;#f2f2f2&#8243; src=&#8221;http:\/\/flocscoworking.com\/wp-content\/uploads\/2018\/03\/logo-communitis-2018-web-1.jpg&#8221; \/][\/et_pb_column][et_pb_column type=&#8221;2_3&#8243;][et_pb_text admin_label=&#8221;communiti&#8221; _builder_version=&#8221;3.17.2&#8243;]<\/p>\n<h1>COMMUNITI<\/h1>\n<p>[\/et_pb_text][et_pb_text _builder_version=&#8221;3.17.2&#8243;]<\/p>\n<div>\n<p><span class=\"s1\">Communitis som experts en fer cr\u00e9ixer tot tipus de negocis a internet. Gr\u00e0cies a la creaci\u00f3 de la millor estrat\u00e8gia de m\u00e0rqueting digital, a on posicionarem tota marca en xarxes socials, creant i compartint continguts de qualitat. A m\u00e9s de crear, gestionar i dinamitzar les comunitats online, tamb\u00e9 som dissenyadors de p\u00e0gines web actualitzables i autogestionables.<\/span><\/p>\n<p class=\"p1\"><span class=\"s1\">A m\u00e9s, som consultors i formadors en l\u2019\u00e0mbit del m\u00e0rqueting online: xarxes socials, m\u00e0rqueting de continguts, reputaci\u00f3 i identitat digital, comer\u00e7 electr\u00f2nic i molt m\u00e9s.<\/span><\/p>\n<p class=\"p1\"><span class=\"s1\">La nostra finalitat \u00e9s que la teva empresa visqui una gran experi\u00e8ncia digital,<\/span><\/p>\n<p>David Garcia<\/p>\n<\/div>\n<div><strong>Taula 13<\/strong><\/div>\n<div><\/div>\n<div><a href=\"https:\/\/www.communitis.cat\/\">www.communitis.cat<\/a><\/div>\n<div><\/div>\n<div><\/div>\n<p>[\/et_pb_text][\/et_pb_column][\/et_pb_row][et_pb_row custom_padding=&#8221;27px|0px|3px|0px&#8221; _builder_version=&#8221;3.0.47&#8243; background_size=&#8221;initial&#8221; background_position=&#8221;top_left&#8221; background_repeat=&#8221;repeat&#8221;][et_pb_column type=&#8221;4_4&#8243;][et_pb_divider color=&#8221;#f7a700&#8243; show_divider=&#8221;on&#8221; _builder_version=&#8221;3.0.106&#8243; \/][\/et_pb_column][\/et_pb_row][\/et_pb_section][et_pb_section bb_built=&#8221;1&#8243; _builder_version=&#8221;3.0.106&#8243; background_size=&#8221;contain&#8221; custom_padding=&#8221;0|0px|30px|0px&#8221; prev_background_color=&#8221;#000000&#8243; next_background_color=&#8221;#000000&#8243;][et_pb_row custom_padding=&#8221;3px|0px|27px|0px&#8221; _builder_version=&#8221;3.0.47&#8243; background_size=&#8221;initial&#8221; background_position=&#8221;top_left&#8221; background_repeat=&#8221;repeat&#8221;][et_pb_column type=&#8221;1_3&#8243;][et_pb_image _builder_version=&#8221;3.17.2&#8243; border_width_all=&#8221;2px&#8221; border_color_all=&#8221;#f2f2f2&#8243; src=&#8221;http:\/\/flocscoworking.com\/wp-content\/uploads\/2018\/03\/logo-communitis-2018-web-01.jpg&#8221; \/][\/et_pb_column][et_pb_column type=&#8221;2_3&#8243;][et_pb_text admin_label=&#8221;communiti&#8221; _builder_version=&#8221;3.17.2&#8243;]<\/p>\n<h1>ESTOY EN MI, TU VIAJE INTERIOR<\/h1>\n<p>[\/et_pb_text][et_pb_text _builder_version=&#8221;3.17.2&#8243;]<\/p>\n<div>\n<p>Raquel Cruz<\/p>\n<\/div>\n<div><strong>Taula 8<\/strong><\/div>\n<div><\/div>\n<div><\/div>\n<div><\/div>\n<p>[\/et_pb_text][\/et_pb_column][\/et_pb_row][et_pb_row custom_padding=&#8221;27px|0px|3px|0px&#8221; _builder_version=&#8221;3.0.47&#8243; background_size=&#8221;initial&#8221; background_position=&#8221;top_left&#8221; background_repeat=&#8221;repeat&#8221;][et_pb_column type=&#8221;4_4&#8243;][et_pb_divider color=&#8221;#f7a700&#8243; show_divider=&#8221;on&#8221; _builder_version=&#8221;3.0.106&#8243; \/][\/et_pb_column][\/et_pb_row][\/et_pb_section][et_pb_section bb_built=&#8221;1&#8243; fullwidth=&#8221;off&#8221; specialty=&#8221;off&#8221; prev_background_color=&#8221;#000000&#8243; next_background_color=&#8221;#e09900&#8243;][et_pb_row][\/et_pb_row][\/et_pb_section][et_pb_section bb_built=&#8221;1&#8243; specialty=&#8221;off&#8221; prev_background_color=&#8221;#ffffff&#8221; next_background_color=&#8221;#ffffff&#8221; _builder_version=&#8221;3.17.2&#8243; background_color=&#8221;#e09900&#8243; background_image=&#8221;http:\/\/flocscoworking.com\/wp-content\/uploads\/2017\/08\/background_orange.jpg&#8221; background_blend=&#8221;multiply&#8221; custom_margin=&#8221;||30px|&#8221;][et_pb_row][et_pb_column type=&#8221;4_4&#8243;][et_pb_text admin_label=&#8221;Antics&#8221; _builder_version=&#8221;3.17.2&#8243; background_layout=&#8221;dark&#8221;]<\/p>\n<h2><strong>Tamb\u00e9 han compartit espai a Flocs<\/strong><\/h2>\n<p>[\/et_pb_text][\/et_pb_column][\/et_pb_row][\/et_pb_section][et_pb_section bb_built=&#8221;1&#8243; _builder_version=&#8221;3.17.2&#8243; background_size=&#8221;contain&#8221; custom_padding=&#8221;0|0px|30px|0px&#8221; prev_background_color=&#8221;#e09900&#8243; next_background_color=&#8221;#f6f6f6&#8243;][et_pb_row custom_padding=&#8221;3px|0px|27px|0px&#8221; _builder_version=&#8221;3.0.47&#8243; background_size=&#8221;initial&#8221; background_position=&#8221;top_left&#8221; background_repeat=&#8221;repeat&#8221;][et_pb_column type=&#8221;1_4&#8243;][et_pb_image src=&#8221;http:\/\/flocscoworking.com\/wp-content\/uploads\/2018\/03\/saco-logo.jpg&#8221; _builder_version=&#8221;3.17.2&#8243; border_color_all=&#8221;#f2f2f2&#8243; \/][et_pb_text admin_label=&#8221;Saco China&#8221; _builder_version=&#8221;3.17.2&#8243;]<\/p>\n<h3>SACO CHINA<\/h3>\n<p><a href=\"http:\/\/www.sacochina.com\" target=\"_blank\" rel=\"noopener\">www.sacochina.com<\/a><\/p>\n<p>[\/et_pb_text][\/et_pb_column][et_pb_column type=&#8221;1_4&#8243;][et_pb_image src=&#8221;http:\/\/flocscoworking.com\/wp-content\/uploads\/2018\/03\/kiwi-hopp-logo-1.jpg&#8221; _builder_version=&#8221;3.17.2&#8243; border_color_all=&#8221;#f2f2f2&#8243; \/][et_pb_text admin_label=&#8221;Kiwi Hopp&#8221; _builder_version=&#8221;3.17.2&#8243;]<\/p>\n<h3>KIWI HOPP<\/h3>\n<p class=\"p1\">Somos algo as\u00ed como el t\u00edpico amigo que vive en Nueva Zelanda y tiene toda la informaci\u00f3n que necesitas.<br \/>\nLos <em>hoppers<\/em> te ayudan a planificar tu viaje y te reciben en tu nueva ciudad de Nueva Zelanda. Nunca hab\u00eda sido tan f\u00e1cil viajar a la otra punta del mundo.<\/p>\n<p><a href=\"http:\/\/www.kiwihopp.com\/\" target=\"_blank\" rel=\"noopener\">www.kiwihopp.com<\/a><\/p>\n<p>[\/et_pb_text][\/et_pb_column][et_pb_column type=&#8221;1_4&#8243;][et_pb_image src=&#8221;http:\/\/flocscoworking.com\/wp-content\/uploads\/2018\/03\/envolvent-logo.jpg&#8221; _builder_version=&#8221;3.0.106&#8243; border_color_all=&#8221;#f2f2f2&#8243; show_in_lightbox=&#8221;off&#8221; url_new_window=&#8221;off&#8221; use_overlay=&#8221;off&#8221; always_center_on_mobile=&#8221;on&#8221; force_fullwidth=&#8221;off&#8221; show_bottom_space=&#8221;on&#8221; \/][et_pb_text admin_label=&#8221;Envolvent&#8221; _builder_version=&#8221;3.17.2&#8243;]<\/p>\n<h3>ENVOLVENT<\/h3>\n<p>Envolvent \u00e9s una ag\u00e8ncia internacional\u00a0 de management i contractaci\u00f3 art\u00edstica dedicada a promocionar el treball dels artistes que representen la nostra manera d&#8217;entendre la m\u00fasica electr\u00f2nica.<\/p>\n<p><a href=\"http:\/\/www.envolvent.com\" target=\"_blank\" rel=\"noopener\">www.envolvent.com<\/a><\/p>\n<p>[\/et_pb_text][\/et_pb_column][et_pb_column type=&#8221;1_4&#8243;][et_pb_text _builder_version=&#8221;3.17.2&#8243;]<\/p>\n<h1>HANNA RUUSKA<\/h1>\n<p>[\/et_pb_text][et_pb_text _builder_version=&#8221;3.17.2&#8243;]<\/p>\n<p>Soy una aut\u00f3noma y trabajo creando colaboraci\u00f3n entre empresarios y empresas peque\u00f1as y medianas. En mi trabajo he visto que el mayor obst\u00e1culo en el proceso de crecimiento empresarial es falta de dinero o tiempo.<\/p>\n<p>[\/et_pb_text][\/et_pb_column][\/et_pb_row][\/et_pb_section][et_pb_section bb_built=&#8221;1&#8243; background_color=&#8221;#f6f6f6&#8243; _builder_version=&#8221;3.0.67&#8243; custom_padding=&#8221;44px|0px|16px|0px&#8221; prev_background_color=&#8221;#ffffff&#8221;][et_pb_row custom_padding=&#8221;0px|0px|27px|0px&#8221; _builder_version=&#8221;3.0.47&#8243; background_size=&#8221;initial&#8221; background_position=&#8221;top_left&#8221; background_repeat=&#8221;repeat&#8221;][et_pb_column type=&#8221;4_4&#8243;][et_pb_image src=&#8221;https:\/\/flocscoworking.com\/wp-content\/uploads\/2017\/10\/planol_zona_treball-1.png&#8221; _builder_version=&#8221;3.0.106&#8243; \/][\/et_pb_column][\/et_pb_row][\/et_pb_section]<\/p>\n","protected":false},"excerpt":{"rendered":"<p>ELS COWORKERS de Flocs. Professionals de diferents sectors que compartim aquest espai, sin\u00e8rgies, caf\u00e8s, moments, experi\u00e8ncies&#8230; i sobretot feina! <div class=\"et_pb_row et_pb_row_0 et_pb_row_empty\">\n\t\t\t\t\n\t\t\t\t\n\t\t\t\t\n\t\t\t\t\n\t\t\t\t\n\t\t\t<\/div> Els actuals COWORKERS de Flocs GRAFIC ART STUDIO Estudi de disseny gr\u00e0fic i noves tecnologies enfocat a\u00a0crear i potenciar la imatge dels nostres clients a trav\u00e9s\u00a0de l\u2019estrat\u00e8gia i la creativitat\u00a0perqu\u00e8 aquests arribin a connectar amb [&hellip;]<\/p>\n","protected":false},"author":1,"featured_media":0,"parent":0,"menu_order":0,"comment_status":"closed","ping_status":"closed","template":"","meta":{"_et_pb_use_builder":"on","_et_pb_old_content":"","_et_gb_content_width":"","footnotes":""},"class_list":["post-912","page","type-page","status-publish","hentry"],"_links":{"self":[{"href":"https:\/\/flocscoworking.com\/en\/wp-json\/wp\/v2\/pages\/912","targetHints":{"allow":["GET"]}}],"collection":[{"href":"https:\/\/flocscoworking.com\/en\/wp-json\/wp\/v2\/pages"}],"about":[{"href":"https:\/\/flocscoworking.com\/en\/wp-json\/wp\/v2\/types\/page"}],"author":[{"embeddable":true,"href":"https:\/\/flocscoworking.com\/en\/wp-json\/wp\/v2\/users\/1"}],"replies":[{"embeddable":true,"href":"https:\/\/flocscoworking.com\/en\/wp-json\/wp\/v2\/comments?post=912"}],"version-history":[{"count":5,"href":"https:\/\/flocscoworking.com\/en\/wp-json\/wp\/v2\/pages\/912\/revisions"}],"predecessor-version":[{"id":3820,"href":"https:\/\/flocscoworking.com\/en\/wp-json\/wp\/v2\/pages\/912\/revisions\/3820"}],"wp:attachment":[{"href":"https:\/\/flocscoworking.com\/en\/wp-json\/wp\/v2\/media?parent=912"}],"curies":[{"name":"wp","href":"https:\/\/api.w.org\/{rel}","templated":true}]}}